{"id":270,"date":"2016-09-26T12:47:23","date_gmt":"2016-09-26T12:47:23","guid":{"rendered":"http:\/\/werkstatt.fuelthemes.net\/werkstatt-collective\/?post_type=portfolio&#038;p=270"},"modified":"2021-05-31T12:30:41","modified_gmt":"2021-05-31T12:30:41","slug":"sonnenschutzfolien","status":"publish","type":"portfolio","link":"https:\/\/www.soldera.ch\/montageservice\/portfolio\/sonnenschutzfolien\/","title":{"rendered":"Sonnenschutzfolien"},"content":{"rendered":"<div class=\"wpb-content-wrapper\">[vc_row thb_full_width=&#8220;true&#8220; full_height=&#8220;yes&#8220; thb_divider_position=&#8220;bottom&#8220; css=&#8220;.vc_custom_1614609907668{padding-top: 7vh !important;background-color: #1e73be !important;}&#8220; thb_row_title=&#8220;Folientyp&#8220;][vc_column][vc_row_inner thb_max_width=&#8220;max_width&#8220; el_class=&#8220;align-center&#8220;][vc_column_inner thb_color=&#8220;thb-light-column&#8220; animation=&#8220;animation fade-in&#8220; offset=&#8220;vc_col-lg-8 vc_col-md-9&#8243;][vc_column_text el_class=&#8220;text-center&#8220;]\n<h1 class=\"widget-title\" style=\"text-align: center;\"><span class=\"light\">Sonnenschutzfolie<\/span> f\u00fcr Ihre Verglasungen<\/h1>\n[\/vc_column_text][vc_separator el_width=&#8220;50&#8243;][vc_column_text]\n<p style=\"text-align: center;\">Unsere Sonnenschutzfolien sind eine kosteng\u00fcnstige M\u00f6glichkeit, R\u00e4ume vor \u00fcberm\u00e4ssiger Hitzeeinstrahlung und Blendung zu sch\u00fctzen &#8211; egal ob in B\u00fcrogeb\u00e4uden, Industrie oder Privatwohnungen.<\/p>\n[\/vc_column_text][\/vc_column_inner][\/vc_row_inner][\/vc_column][\/vc_row][vc_row thb_full_width=&#8220;true&#8220; thb_row_padding=&#8220;true&#8220; thb_column_padding=&#8220;true&#8220; thb_color=&#8220;light-title&#8220; thb_scroll_bottom=&#8220;true&#8220; thb_scroll_bottom_style=&#8220;style3&#8243; thb_scroll_bottom_color=&#8220;light&#8220; thb_divider_position=&#8220;bottom&#8220; css=&#8220;.vc_custom_1614700565902{padding-top: 13vh !important;padding-bottom: 13vh !important;background: #1484f4 url(https:\/\/montage-ch2.fenji.de\/wp-content\/uploads\/2016\/09\/v3_01.jpg?id=97) !important;background-position: center !important;background-repeat: no-repeat !important;background-size: cover !important;}&#8220; thb_row_title=&#8220;Montageanfrage starten&#8220;][vc_column thb_color=&#8220;thb-light-column&#8220; el_class=&#8220;text-center&#8220;][vc_column_text]\n<h2 class=\"h1\"><strong>Montageanfrage starten! <\/strong><\/h2>\n[\/vc_column_text]\t<a class=\"btn thb-border-line-style  white   regular\" href=\"https:\/\/www.soldera.ch\/montageservice\/montageanfrage\/\" target=\"_self\" role=\"button\" title=\"Jetzt Folienmontage anfragen!\"><span>Jetzt Folienmontage anfragen!<\/span><\/a>\n\n\t[\/vc_column][\/vc_row][vc_row thb_full_width=&#8220;true&#8220; full_height=&#8220;yes&#8220; thb_divider_position=&#8220;bottom&#8220; css=&#8220;.vc_custom_1614703321353{padding-top: 7vh !important;background-color: #1e73be !important;}&#8220; thb_row_title=&#8220;Vorteile und Einsatzgebiete&#8220;][vc_column width=&#8220;1\/2&#8243;][vc_row_inner thb_max_width=&#8220;max_width&#8220; el_class=&#8220;align-center&#8220;][vc_column_inner thb_color=&#8220;thb-light-column&#8220; width=&#8220;1\/2&#8243; animation=&#8220;animation fade-in&#8220; offset=&#8220;vc_col-lg-8 vc_col-md-9&#8243;][vc_icon type=&#8220;material&#8220; icon_material=&#8220;vc-material vc-material-done_all&#8220; color=&#8220;white&#8220; size=&#8220;xl&#8220;][vc_column_text el_class=&#8220;text-center&#8220;]\n<h3 style=\"text-align: left;\">5 Vorteile der Soldera Sonnenschutzfolien<\/h3>\n[\/vc_column_text][vc_separator align=&#8220;align_left&#8220; el_width=&#8220;50&#8243;][vc_column_text]\n<ul>\n<li style=\"text-align: left;\">Preiswert und nachhaltig<\/li>\n<li style=\"text-align: left;\">Glasfl\u00e4che nachtr\u00e4glich beschichtbar<\/li>\n<li style=\"text-align: left;\">Integrierter UV-Filter und Blendschutz<\/li>\n<li style=\"text-align: left;\">Energiekosteneinsparung<\/li>\n<li style=\"text-align: left;\">Entwickelt f\u00fcr Langzeiteinsatz<\/li>\n<\/ul>\n[\/vc_column_text][\/vc_column_inner][\/vc_row_inner][\/vc_column][vc_column width=&#8220;1\/2&#8243;][vc_row_inner thb_max_width=&#8220;max_width&#8220; el_class=&#8220;align-center&#8220;][vc_column_inner thb_color=&#8220;thb-light-column&#8220; width=&#8220;1\/2&#8243; animation=&#8220;animation fade-in&#8220; offset=&#8220;vc_col-lg-8 vc_col-md-9&#8243;][vc_icon type=&#8220;material&#8220; icon_material=&#8220;vc-material vc-material-call_split&#8220; color=&#8220;white&#8220; size=&#8220;xl&#8220;][vc_column_text el_class=&#8220;text-center&#8220;]\n<h3 style=\"text-align: left;\">Einsatzgebiete unserer Sonnenschutzfolien<\/h3>\n[\/vc_column_text][vc_separator align=&#8220;align_left&#8220; el_width=&#8220;50&#8243;][vc_column_text]\n<ul>\n<li style=\"text-align: left;\">B\u00fcror\u00e4ume<\/li>\n<li style=\"text-align: left;\">Industriehallen<\/li>\n<li style=\"text-align: left;\">Wohnr\u00e4ume<\/li>\n<li style=\"text-align: left;\">Dachfenster<\/li>\n<li style=\"text-align: left;\">Ausstellungsfl\u00e4chen<\/li>\n<li style=\"text-align: left;\">Winterg\u00e4rten<\/li>\n<li style=\"text-align: left;\">Schulh\u00e4user<\/li>\n<li style=\"text-align: left;\">Praxen<\/li>\n<li style=\"text-align: left;\">Spit\u00e4ler<\/li>\n<li style=\"text-align: left;\">Industrietore<\/li>\n<\/ul>\n[\/vc_column_text][\/vc_column_inner][\/vc_row_inner][\/vc_column][\/vc_row][vc_row thb_full_width=&#8220;true&#8220; thb_row_padding=&#8220;true&#8220; thb_column_padding=&#8220;true&#8220; thb_color=&#8220;light-title&#8220; thb_divider_position=&#8220;bottom&#8220; css=&#8220;.vc_custom_1614703346279{background-position: center !important;background-repeat: no-repeat !important;background-size: cover !important;}&#8220; thb_row_title=&#8220;Galerie&#8220;][vc_column thb_color=&#8220;thb-light-column&#8220; el_class=&#8220;text-center&#8220;][vc_masonry_media_grid gap=&#8220;0&#8243; grid_id=&#8220;vc_gid:1622464206950-c819590c-02ad-9&#8243; include=&#8220;1018,1016,1020,1019,1021,1017&#8243;][\/vc_column][\/vc_row][vc_row thb_full_width=&#8220;true&#8220; full_height=&#8220;yes&#8220; thb_divider_position=&#8220;bottom&#8220; css=&#8220;.vc_custom_1614703354521{padding-top: 7vh !important;}&#8220; thb_row_title=&#8220;Funktions- und Wirkungsweise&#8220;][vc_column width=&#8220;1\/2&#8243;][vc_row_inner thb_max_width=&#8220;max_width&#8220; el_class=&#8220;align-center&#8220;][vc_column_inner width=&#8220;1\/2&#8243; animation=&#8220;animation fade-in&#8220; offset=&#8220;vc_col-lg-8 vc_col-md-9&#8243;][vc_column_text el_class=&#8220;text-center&#8220;]\n<h3 style=\"text-align: left;\">Funktionsweise der Soldera Folie als Hitzeschutz?<\/h3>\n[\/vc_column_text][vc_separator align=&#8220;align_left&#8220; el_width=&#8220;50&#8243;][vc_column_text]\n<p>Die \u00fcberm\u00e4ssige Sonnenenergie im Sommer wird <strong>reflektiert<\/strong> und <strong>absorbiert<\/strong>, so auch im Winter mit der k\u00fcnstlich erzeugten W\u00e4rme im Innern. Am Fenster angebracht sind unsere Folien kaum sichtbar und erlauben eine uneingeschr\u00e4nkte Sicht nach draussen. Neben den genannten Eigenschaften sch\u00fctzen die Soldera Qualit\u00e4tsfolien auch vor sch\u00e4dlichen UV-Strahlung. Alle Folien weisen eine hohe <strong>UV-Reduktion<\/strong> von mindestens <strong>99%<\/strong> auf.<\/p>\n[\/vc_column_text]\t<div id=\"thb-image-69ef8bf76af2c\" class=\"caption-style1  alignleft full  thb_image_link wp-caption\">\n\t\t\t<a class=\"mfp-image\" href=\"https:\/\/www.soldera.ch\/montageservice\/wp-content\/uploads\/2016\/09\/Wirkungsweise-mit-Folie.jpg\" target=\"\" title=\"Wirkungsweise mit Folie\" data-thb-group=\"\">\n\t\t\t<div class=\"thb-image-inner size_100\">\n\t\t\t<img loading=\"lazy\" decoding=\"async\" width=\"1024\" height=\"747\" src=\"https:\/\/www.soldera.ch\/montageservice\/wp-content\/uploads\/2016\/09\/Wirkungsweise-mit-Folie-1024x747.jpg\" class=\"thb_image   thb-ignore-lazyload attachment-large thb-lazyload lazyload\" alt=\"Soldera Sonnenschutzfolie\" title=\"Wirkungsweise mit Folie\" sizes=\"auto, (max-width: 1024px) 100vw, 1024px\" data-src=\"https:\/\/www.soldera.ch\/montageservice\/wp-content\/uploads\/2016\/09\/Wirkungsweise-mit-Folie-1024x747.jpg\" data-sizes=\"auto\" data-srcset=\"https:\/\/www.soldera.ch\/montageservice\/wp-content\/uploads\/2016\/09\/Wirkungsweise-mit-Folie-1024x747.jpg 1024w, https:\/\/www.soldera.ch\/montageservice\/wp-content\/uploads\/2016\/09\/Wirkungsweise-mit-Folie-768x560.jpg 768w, https:\/\/www.soldera.ch\/montageservice\/wp-content\/uploads\/2016\/09\/Wirkungsweise-mit-Folie-640x467.jpg 640w, https:\/\/www.soldera.ch\/montageservice\/wp-content\/uploads\/2016\/09\/Wirkungsweise-mit-Folie-320x233.jpg 320w, https:\/\/www.soldera.ch\/montageservice\/wp-content\/uploads\/2016\/09\/Wirkungsweise-mit-Folie-20x15.jpg 20w, https:\/\/www.soldera.ch\/montageservice\/wp-content\/uploads\/2016\/09\/Wirkungsweise-mit-Folie-600x438.jpg 600w\" \/>\n\t\t<\/div>\n\t\t\t<\/a>\n\t\t\t\t\t<\/div>\n\t[\/vc_column_inner][\/vc_row_inner][\/vc_column][vc_column width=&#8220;1\/2&#8243;][vc_row_inner thb_max_width=&#8220;max_width&#8220; el_class=&#8220;align-center&#8220;][vc_column_inner width=&#8220;1\/2&#8243; animation=&#8220;animation fade-in&#8220; offset=&#8220;vc_col-lg-8 vc_col-md-9&#8243;][vc_column_text el_class=&#8220;text-center&#8220;]\n<h3 style=\"text-align: left;\">Wirkungsweise von Soldera Sonnenschutzfolien<\/h3>\n[\/vc_column_text][vc_separator align=&#8220;align_left&#8220; el_width=&#8220;50&#8243;][vc_column_text]\n<p>Kennen Sie das? Kaum scheinen im Sommer die ersten Sonnenstrahlen durchs Fenster, beginnt man hinter der Scheibe zu schwitzen. Der Raum heizt sich auf, die Klimaanlage \u00e4chzt und kommt mit dem K\u00fchlen kaum hinterher. Das senkt nicht nur die Arbeitsleistung und das Wohlbefinden, sondern es ist auch ein finanzieller Aufwand, da Klimaanlagen viel Energie ben\u00f6tigen.<br \/>Eine einfache L\u00f6sung bietet unsere qualitativ hochwertige Sonnenschutzfolie. Je nach Folie reduziert sie die Hitze im Sommer und\/oder isoliert den Raum im Winter. Die Energieeffizienz steigt deutlich an. Sie erreichen konstantere Temperaturen ohne Spitzenwerte und haben dadurch die M\u00f6glichkeit, mit kurzem L\u00fcften oder K\u00fchlen angenehme Bedingungen zu schaffen. Wenn die Raumtemperatur an sonnigen Tagen nur um wenige Grad sinkt, sparen Sie einen grossen Teil der Energiekosten f\u00fcr die Klimaanlage und gestalten das Arbeiten und Wohnen um ein Vielfaches angenehmer.<\/p>\n<p>&nbsp;<\/p>\n<p>Sonnenschutzfolien sind nicht nur eine kosteng\u00fcnstige Alternative zu herk\u00f6mmlichen Beschattungen, sondern setzen sich stark f\u00fcr Ihr t\u00e4gliches Wohlbefinden ein. Mit unseren Qualit\u00e4tsfolien schaffen Sie angenehme Licht- und Temperaturbedingungen und verleihen Ihren Glasfl\u00e4chen eine individuelle und moderne Optik.<\/p>\n[\/vc_column_text][vc_empty_space][vc_separator align=&#8220;align_left&#8220; el_width=&#8220;50&#8243;][vc_column_text el_class=&#8220;text-center&#8220;]\n<h3 style=\"text-align: left;\">Downloads<\/h3>\n[\/vc_column_text][vc_empty_space][\/vc_column_inner][\/vc_row_inner][\/vc_column][\/vc_row][vc_row thb_full_width=&#8220;true&#8220; thb_row_padding=&#8220;true&#8220; thb_column_padding=&#8220;true&#8220; thb_color=&#8220;light-title&#8220; thb_divider_position=&#8220;bottom&#8220; css=&#8220;.vc_custom_1614703370620{padding-top: 13vh !important;padding-bottom: 13vh !important;background: #1484f4 url(https:\/\/montage-ch2.fenji.de\/wp-content\/uploads\/2016\/09\/v3_01.jpg?id=97) !important;background-position: center !important;background-repeat: no-repeat !important;background-size: cover !important;}&#8220;][vc_column thb_color=&#8220;thb-light-column&#8220; el_class=&#8220;text-center&#8220;][vc_column_text]\n<h2 class=\"h1\"><strong>Montageanfrage starten! <\/strong><\/h2>\n[\/vc_column_text]\t<a class=\"btn thb-border-line-style  white   regular\" href=\"https:\/\/montage-ch2.fenji.de\/montageanfrage\/\" target=\"_self\" role=\"button\" title=\"Jetzt Folienmontage anfragen!\"><span>Jetzt Folienmontage anfragen!<\/span><\/a>\n\n\t[\/vc_column][\/vc_row]\n<\/div>","protected":false},"excerpt":{"rendered":"<p>[vc_row thb_full_width=&#8220;true&#8220; full_height=&#8220;yes&#8220; thb_divider_position=&#8220;bottom&#8220; css=&#8220;.vc_custom_1614609907668{padding-top: 7vh !important;background-color: #1e73be !important;}&#8220; thb_row_title=&#8220;Folientyp&#8220;][vc_column][vc_row_inner thb_max_width=&#8220;max_width&#8220; el_class=&#8220;align-center&#8220;][vc_column_inner thb_color=&#8220;thb-light-column&#8220; animation=&#8220;animation fade-in&#8220; offset=&#8220;vc_col-lg-8 vc_col-md-9&#8243;][vc_column_text el_class=&#8220;text-center&#8220;] Sonnenschutzfolie f\u00fcr Ihre Verglasungen [\/vc_column_text][vc_separator el_width=&#8220;50&#8243;][vc_column_text] Unsere Sonnenschutzfolien sind eine kosteng\u00fcnstige M\u00f6glichkeit, R\u00e4ume vor \u00fcberm\u00e4ssiger Hitzeeinstrahlung und Blendung zu sch\u00fctzen &#8211; egal ob in B\u00fcrogeb\u00e4uden, Industrie oder Privatwohnungen. [\/vc_column_text][\/vc_column_inner][\/vc_row_inner][\/vc_column][\/vc_row][vc_row thb_full_width=&#8220;true&#8220; thb_row_padding=&#8220;true&#8220; thb_column_padding=&#8220;true&#8220; thb_color=&#8220;light-title&#8220; thb_scroll_bottom=&#8220;true&#8220; thb_scroll_bottom_style=&#8220;style3&#8243; thb_scroll_bottom_color=&#8220;light&#8220; thb_divider_position=&#8220;bottom&#8220;&hellip;<\/p>\n","protected":false},"author":2,"featured_media":981,"comment_status":"closed","ping_status":"closed","template":"","tags":[102],"class_list":["post-270","portfolio","type-portfolio","status-publish","has-post-thumbnail","hentry","tag-sonnenschutz","portfolio-category-folien","portfolio-category-sonnenschutzfolien"],"aioseo_notices":[],"_links":{"self":[{"href":"https:\/\/www.soldera.ch\/montageservice\/wp-json\/wp\/v2\/portfolio\/270","targetHints":{"allow":["GET"]}}],"collection":[{"href":"https:\/\/www.soldera.ch\/montageservice\/wp-json\/wp\/v2\/portfolio"}],"about":[{"href":"https:\/\/www.soldera.ch\/montageservice\/wp-json\/wp\/v2\/types\/portfolio"}],"author":[{"embeddable":true,"href":"https:\/\/www.soldera.ch\/montageservice\/wp-json\/wp\/v2\/users\/2"}],"replies":[{"embeddable":true,"href":"https:\/\/www.soldera.ch\/montageservice\/wp-json\/wp\/v2\/comments?post=270"}],"version-history":[{"count":42,"href":"https:\/\/www.soldera.ch\/montageservice\/wp-json\/wp\/v2\/portfolio\/270\/revisions"}],"predecessor-version":[{"id":1262,"href":"https:\/\/www.soldera.ch\/montageservice\/wp-json\/wp\/v2\/portfolio\/270\/revisions\/1262"}],"wp:featuredmedia":[{"embeddable":true,"href":"https:\/\/www.soldera.ch\/montageservice\/wp-json\/wp\/v2\/media\/981"}],"wp:attachment":[{"href":"https:\/\/www.soldera.ch\/montageservice\/wp-json\/wp\/v2\/media?parent=270"}],"wp:term":[{"taxonomy":"post_tag","embeddable":true,"href":"https:\/\/www.soldera.ch\/montageservice\/wp-json\/wp\/v2\/tags?post=270"}],"curies":[{"name":"wp","href":"https:\/\/api.w.org\/{rel}","templated":true}]}}